{"id":129,"date":"2023-09-13T12:03:03","date_gmt":"2023-09-13T10:03:03","guid":{"rendered":"https:\/\/blaue-chronik.176-96-136-90.plesk.page\/?page_id=129"},"modified":"2025-10-02T11:23:01","modified_gmt":"2025-10-02T09:23:01","slug":"ueber-mich","status":"publish","type":"page","link":"https:\/\/neue-wege-konzepte.de\/fr_fr\/ueber-mich\/","title":{"rendered":"\u00dcber mich"},"content":{"rendered":"<div data-elementor-type=\"wp-page\" data-elementor-id=\"129\" class=\"elementor elementor-129\" data-elementor-post-type=\"page\">\n\t\t\t\t\t\t<section class=\"elementor-section elementor-top-section elementor-element elementor-element-988a2a4 elementor-section-height-min-height elementor-section-boxed elementor-section-height-default elementor-section-items-middle\" data-id=\"988a2a4\" data-element_type=\"section\" data-settings=\"{&quot;background_background&quot;:&quot;classic&quot;}\">\n\t\t\t\t\t\t<div class=\"elementor-container elementor-column-gap-default\">\n\t\t\t\t\t<div class=\"elementor-column elementor-col-100 elementor-top-column elementor-element elementor-element-3192eb62\" data-id=\"3192eb62\" data-element_type=\"column\">\n\t\t\t<div class=\"elementor-widget-wrap\">\n\t\t\t\t\t\t\t<\/div>\n\t\t<\/div>\n\t\t\t\t\t<\/div>\n\t\t<\/section>\n\t\t\t\t<section class=\"elementor-section elementor-top-section elementor-element elementor-element-d4c3f89 elementor-section-full_width elementor-section-height-default elementor-section-height-default\" data-id=\"d4c3f89\" data-element_type=\"section\" data-settings=\"{&quot;background_background&quot;:&quot;classic&quot;}\">\n\t\t\t\t\t\t<div class=\"elementor-container elementor-column-gap-wider\">\n\t\t\t\t\t<div class=\"elementor-column elementor-col-50 elementor-top-column elementor-element elementor-element-d75c128\" data-id=\"d75c128\" data-element_type=\"column\">\n\t\t\t<div class=\"elementor-widget-wrap elementor-element-populated\">\n\t\t\t\t\t\t<div class=\"elementor-element elementor-element-7d58651 elementor-widget elementor-widget-heading\" data-id=\"7d58651\" data-element_type=\"widget\" data-widget_type=\"heading.default\">\n\t\t\t\t<div class=\"elementor-widget-container\">\n\t\t\t\t\t<h2 class=\"elementor-heading-title elementor-size-default\">\u00dcber mich<\/h2>\t\t\t\t<\/div>\n\t\t\t\t<\/div>\n\t\t\t\t<div class=\"elementor-element elementor-element-48e925b elementor-widget elementor-widget-text-editor\" data-id=\"48e925b\" data-element_type=\"widget\" data-widget_type=\"text-editor.default\">\n\t\t\t\t<div class=\"elementor-widget-container\">\n\t\t\t\t\t\t\t\t\t<p>Urspr\u00fcnglich hatte ich diese Seite als reinen Reiseblog geplant. Reisen und Schreiben sind meine gro\u00dfe Leidenschaft und diese wollte ich mit meinen Leser-\/innen teilen, wertvolle Tipps weitergeben und zum Austausch einladen. Irgendwie hat aber immer die Zeit gefehlt.<\/p><h4>Wann, wenn nicht jetzt?<\/h4><p>Habe ich mir dann vor zwei Jahren gesagt. Mich bei der KTG Karlsruhe Tourismus GmbH als Stadtf\u00fchrerin beworben und die Klassifizierung als G\u00e4stef\u00fchrerin f\u00fcr die S\u00fcdpfalz und die Stadt Landau abgeschlossen. Ich habe viele neue Menschen kennengelernt, viel \u00fcber die Geschichte der Stadt und\u00a0 die benachbarten Regionen gelernt. Und gesp\u00fcrt, wie sch\u00f6n es ist, diese Erfahrungen bei meinen F\u00fchrungen weiterzugeben.<\/p><h4>Und dann wurde mehr daraus<\/h4><p>Daraus ist die Idee von \u201eNeue Wege und Konzepte\u201c entstanden. Mir macht es Spa\u00df, Menschen zusammenzubringen. Gemeinsam Geschichte zu entdecken und die Natur genie\u00dfen. Gern verbinde ich einen sch\u00f6nen Stadtrundgang mit einer kleinen Wanderung oder organisiere gr\u00f6\u00dfere Wanderungen zu Burgen und Schl\u00f6ssern.<\/p><p>Die Touren sind f\u00fcr Einzelpersonen buchbar, f\u00fcr kleinere Gruppen arbeite ich gern ein individuelles Angebot aus. Mein Ziel ist es, Menschen auf Touren mitzunehmen, die die Sinne ansprechen und die Herzen ber\u00fchren. Versteckte Pfade entdecken und manchmal auch eine weitere Schlaufe laufen. Oft liegt das Sch\u00f6ne so nahe, man sieht es nur nicht.<\/p><h4>Das Schreiben<\/h4><p>Habe ich nicht vergessen. Wie euch vielleicht aufgefallen ist, drehen sich meine ver\u00f6ffentlichten Blogartikel um das \u201eBlaue L\u00e4ndchen\u201c im Rhein-Lahn-Kreis. Hier hatte ich mit dem Projekt begonnen. Es ist meine alte Heimat, in die ich immer wieder gern zur\u00fcckkehre.<\/p><p>In den n\u00e4chsten Monaten werden weitere Artikel mit wertvollen Tourentipps in und um Karlsruhe und in der Pfalz folgen. Ihr schreibt auch gerne und habt sch\u00f6ne Tourenvorschl\u00e4ge? Gern ver\u00f6ffentliche ich passende Gastbeitr\u00e4ge auf meiner Seite.<\/p><h4>Das Jahr geht schon wieder dem Ende zu<\/h4><p>Aber der Herbst ist mit die sch\u00f6nste Wanderzeit.\u00a0<\/p><p>Lasst uns zu sch\u00f6nen Touren starten, denn gemeinsam erleben macht soviel Spa\u00df!<\/p>\t\t\t\t\t\t\t\t<\/div>\n\t\t\t\t<\/div>\n\t\t\t\t<div class=\"elementor-element elementor-element-f2e41f6 elementor-widget elementor-widget-heading\" data-id=\"f2e41f6\" data-element_type=\"widget\" data-widget_type=\"heading.default\">\n\t\t\t\t<div class=\"elementor-widget-container\">\n\t\t\t\t\t<div class=\"elementor-heading-title elementor-size-default\">Eure Birgit<\/div>\t\t\t\t<\/div>\n\t\t\t\t<\/div>\n\t\t\t\t\t<\/div>\n\t\t<\/div>\n\t\t\t\t<div class=\"elementor-column elementor-col-50 elementor-top-column elementor-element elementor-element-8b530ce\" data-id=\"8b530ce\" data-element_type=\"column\">\n\t\t\t<div class=\"elementor-widget-wrap elementor-element-populated\">\n\t\t\t\t\t\t<div class=\"elementor-element elementor-element-4e50d12 elementor-widget elementor-widget-image\" data-id=\"4e50d12\" data-element_type=\"widget\" data-widget_type=\"image.default\">\n\t\t\t\t<div class=\"elementor-widget-container\">\n\t\t\t\t\t\t\t\t\t\t\t\t\t\t\t<img fetchpriority=\"high\" decoding=\"async\" width=\"472\" height=\"1024\" src=\"https:\/\/neue-wege-konzepte.de\/wp-content\/uploads\/2024\/02\/20230827_152333-472x1024.jpg\" class=\"attachment-large size-large wp-image-708\" alt=\"\" srcset=\"https:\/\/neue-wege-konzepte.de\/wp-content\/uploads\/2024\/02\/20230827_152333-472x1024.jpg 472w, https:\/\/neue-wege-konzepte.de\/wp-content\/uploads\/2024\/02\/20230827_152333-138x300.jpg 138w, https:\/\/neue-wege-konzepte.de\/wp-content\/uploads\/2024\/02\/20230827_152333-768x1665.jpg 768w, https:\/\/neue-wege-konzepte.de\/wp-content\/uploads\/2024\/02\/20230827_152333-708x1536.jpg 708w, https:\/\/neue-wege-konzepte.de\/wp-content\/uploads\/2024\/02\/20230827_152333-944x2048.jpg 944w, https:\/\/neue-wege-konzepte.de\/wp-content\/uploads\/2024\/02\/20230827_152333-6x12.jpg 6w, https:\/\/neue-wege-konzepte.de\/wp-content\/uploads\/2024\/02\/20230827_152333-scaled.jpg 1181w\" sizes=\"(max-width: 472px) 100vw, 472px\" \/>\t\t\t\t\t\t\t\t\t\t\t\t\t\t\t<\/div>\n\t\t\t\t<\/div>\n\t\t\t\t\t<\/div>\n\t\t<\/div>\n\t\t\t\t\t<\/div>\n\t\t<\/section>\n\t\t\t\t<\/div>","protected":false},"excerpt":{"rendered":"<p>Urspr\u00fcnglich hatte ich diese Seite als reinen Reiseblog geplant. Reisen und Schreiben sind meine gro\u00dfe Leidenschaft und diese wollte ich mit meinen Leser-\/innen teilen, wertvolle Tipps weitergeben und zum Austausch einladen. Irgendwie hat aber immer die Zeit gefehlt. Wann, wenn nicht jetzt? Habe ich mir dann vor zwei Jahren gesagt. Mich bei der KTG Karlsruhe [&hellip;]<\/p>","protected":false},"author":1,"featured_media":0,"parent":0,"menu_order":0,"comment_status":"closed","ping_status":"closed","template":"","meta":{"footnotes":""},"class_list":["post-129","page","type-page","status-publish","hentry"],"yoast_head":"<!-- This site is optimized with the Yoast SEO plugin v26.4 - https:\/\/yoast.com\/wordpress\/plugins\/seo\/ -->\n<title>\u00dcber mich - Neue-Wege-Konzepte<\/title>\n<meta name=\"robots\" content=\"index, follow, max-snippet:-1, max-image-preview:large, max-video-preview:-1\" \/>\n<link rel=\"canonical\" href=\"https:\/\/neue-wege-konzepte.de\/fr_fr\/ueber-mich\/\" \/>\n<meta property=\"og:locale\" content=\"fr_FR\" \/>\n<meta property=\"og:type\" content=\"article\" \/>\n<meta property=\"og:title\" content=\"\u00dcber mich - Neue-Wege-Konzepte\" \/>\n<meta property=\"og:description\" content=\"Urspr\u00fcnglich hatte ich diese Seite als reinen Reiseblog geplant. Reisen und Schreiben sind meine gro\u00dfe Leidenschaft und diese wollte ich mit meinen Leser-\/innen teilen, wertvolle Tipps weitergeben und zum Austausch einladen. Irgendwie hat aber immer die Zeit gefehlt. Wann, wenn nicht jetzt? Habe ich mir dann vor zwei Jahren gesagt. Mich bei der KTG Karlsruhe [&hellip;]\" \/>\n<meta property=\"og:url\" content=\"https:\/\/neue-wege-konzepte.de\/fr_fr\/ueber-mich\/\" \/>\n<meta property=\"og:site_name\" content=\"Neue-Wege-Konzepte\" \/>\n<meta property=\"article:modified_time\" content=\"2025-10-02T09:23:01+00:00\" \/>\n<meta property=\"og:image\" content=\"https:\/\/neue-wege-konzepte.de\/wp-content\/uploads\/2024\/02\/20230827_152333-scaled.jpg\" \/>\n\t<meta property=\"og:image:width\" content=\"1181\" \/>\n\t<meta property=\"og:image:height\" content=\"2560\" \/>\n\t<meta property=\"og:image:type\" content=\"image\/jpeg\" \/>\n<meta name=\"twitter:card\" content=\"summary_large_image\" \/>\n<meta name=\"twitter:label1\" content=\"Dur\u00e9e de lecture estim\u00e9e\" \/>\n\t<meta name=\"twitter:data1\" content=\"2 minutes\" \/>\n<script type=\"application\/ld+json\" class=\"yoast-schema-graph\">{\"@context\":\"https:\/\/schema.org\",\"@graph\":[{\"@type\":\"WebPage\",\"@id\":\"https:\/\/neue-wege-konzepte.de\/ueber-mich\/\",\"url\":\"https:\/\/neue-wege-konzepte.de\/ueber-mich\/\",\"name\":\"\u00dcber mich - Neue-Wege-Konzepte\",\"isPartOf\":{\"@id\":\"https:\/\/neue-wege-konzepte.de\/#website\"},\"primaryImageOfPage\":{\"@id\":\"https:\/\/neue-wege-konzepte.de\/ueber-mich\/#primaryimage\"},\"image\":{\"@id\":\"https:\/\/neue-wege-konzepte.de\/ueber-mich\/#primaryimage\"},\"thumbnailUrl\":\"https:\/\/neue-wege-konzepte.de\/wp-content\/uploads\/2024\/02\/20230827_152333-472x1024.jpg\",\"datePublished\":\"2023-09-13T10:03:03+00:00\",\"dateModified\":\"2025-10-02T09:23:01+00:00\",\"breadcrumb\":{\"@id\":\"https:\/\/neue-wege-konzepte.de\/ueber-mich\/#breadcrumb\"},\"inLanguage\":\"fr-FR\",\"potentialAction\":[{\"@type\":\"ReadAction\",\"target\":[\"https:\/\/neue-wege-konzepte.de\/ueber-mich\/\"]}]},{\"@type\":\"ImageObject\",\"inLanguage\":\"fr-FR\",\"@id\":\"https:\/\/neue-wege-konzepte.de\/ueber-mich\/#primaryimage\",\"url\":\"https:\/\/neue-wege-konzepte.de\/wp-content\/uploads\/2024\/02\/20230827_152333-472x1024.jpg\",\"contentUrl\":\"https:\/\/neue-wege-konzepte.de\/wp-content\/uploads\/2024\/02\/20230827_152333-472x1024.jpg\"},{\"@type\":\"BreadcrumbList\",\"@id\":\"https:\/\/neue-wege-konzepte.de\/ueber-mich\/#breadcrumb\",\"itemListElement\":[{\"@type\":\"ListItem\",\"position\":1,\"name\":\"Startseite\",\"item\":\"https:\/\/neue-wege-konzepte.de\/\"},{\"@type\":\"ListItem\",\"position\":2,\"name\":\"\u00dcber mich\"}]},{\"@type\":\"WebSite\",\"@id\":\"https:\/\/neue-wege-konzepte.de\/#website\",\"url\":\"https:\/\/neue-wege-konzepte.de\/\",\"name\":\"Neue-Wege-Konzepte\",\"description\":\"Wandererlebnisse &amp; City-Touren - S\u00fcdpfalz, Karlsruhe, Elsass\",\"publisher\":{\"@id\":\"https:\/\/neue-wege-konzepte.de\/#organization\"},\"potentialAction\":[{\"@type\":\"SearchAction\",\"target\":{\"@type\":\"EntryPoint\",\"urlTemplate\":\"https:\/\/neue-wege-konzepte.de\/?s={search_term_string}\"},\"query-input\":{\"@type\":\"PropertyValueSpecification\",\"valueRequired\":true,\"valueName\":\"search_term_string\"}}],\"inLanguage\":\"fr-FR\"},{\"@type\":\"Organization\",\"@id\":\"https:\/\/neue-wege-konzepte.de\/#organization\",\"name\":\"Neue-Wege-Konzepte\",\"url\":\"https:\/\/neue-wege-konzepte.de\/\",\"logo\":{\"@type\":\"ImageObject\",\"inLanguage\":\"fr-FR\",\"@id\":\"https:\/\/neue-wege-konzepte.de\/#\/schema\/logo\/image\/\",\"url\":\"https:\/\/neue-wege-konzepte.de\/wp-content\/uploads\/2024\/05\/cropped-logo-scaled-1.jpg\",\"contentUrl\":\"https:\/\/neue-wege-konzepte.de\/wp-content\/uploads\/2024\/05\/cropped-logo-scaled-1.jpg\",\"width\":2560,\"height\":730,\"caption\":\"Neue-Wege-Konzepte\"},\"image\":{\"@id\":\"https:\/\/neue-wege-konzepte.de\/#\/schema\/logo\/image\/\"}}]}<\/script>\n<!-- \/ Yoast SEO plugin. -->","yoast_head_json":{"title":"\u00dcber mich - Neue-Wege-Konzepte","robots":{"index":"index","follow":"follow","max-snippet":"max-snippet:-1","max-image-preview":"max-image-preview:large","max-video-preview":"max-video-preview:-1"},"canonical":"https:\/\/neue-wege-konzepte.de\/fr_fr\/ueber-mich\/","og_locale":"fr_FR","og_type":"article","og_title":"\u00dcber mich - Neue-Wege-Konzepte","og_description":"Urspr\u00fcnglich hatte ich diese Seite als reinen Reiseblog geplant. Reisen und Schreiben sind meine gro\u00dfe Leidenschaft und diese wollte ich mit meinen Leser-\/innen teilen, wertvolle Tipps weitergeben und zum Austausch einladen. Irgendwie hat aber immer die Zeit gefehlt. Wann, wenn nicht jetzt? Habe ich mir dann vor zwei Jahren gesagt. Mich bei der KTG Karlsruhe [&hellip;]","og_url":"https:\/\/neue-wege-konzepte.de\/fr_fr\/ueber-mich\/","og_site_name":"Neue-Wege-Konzepte","article_modified_time":"2025-10-02T09:23:01+00:00","og_image":[{"width":1181,"height":2560,"url":"https:\/\/neue-wege-konzepte.de\/wp-content\/uploads\/2024\/02\/20230827_152333-scaled.jpg","type":"image\/jpeg"}],"twitter_card":"summary_large_image","twitter_misc":{"Dur\u00e9e de lecture estim\u00e9e":"2 minutes"},"schema":{"@context":"https:\/\/schema.org","@graph":[{"@type":"WebPage","@id":"https:\/\/neue-wege-konzepte.de\/ueber-mich\/","url":"https:\/\/neue-wege-konzepte.de\/ueber-mich\/","name":"\u00dcber mich - Neue-Wege-Konzepte","isPartOf":{"@id":"https:\/\/neue-wege-konzepte.de\/#website"},"primaryImageOfPage":{"@id":"https:\/\/neue-wege-konzepte.de\/ueber-mich\/#primaryimage"},"image":{"@id":"https:\/\/neue-wege-konzepte.de\/ueber-mich\/#primaryimage"},"thumbnailUrl":"https:\/\/neue-wege-konzepte.de\/wp-content\/uploads\/2024\/02\/20230827_152333-472x1024.jpg","datePublished":"2023-09-13T10:03:03+00:00","dateModified":"2025-10-02T09:23:01+00:00","breadcrumb":{"@id":"https:\/\/neue-wege-konzepte.de\/ueber-mich\/#breadcrumb"},"inLanguage":"fr-FR","potentialAction":[{"@type":"ReadAction","target":["https:\/\/neue-wege-konzepte.de\/ueber-mich\/"]}]},{"@type":"ImageObject","inLanguage":"fr-FR","@id":"https:\/\/neue-wege-konzepte.de\/ueber-mich\/#primaryimage","url":"https:\/\/neue-wege-konzepte.de\/wp-content\/uploads\/2024\/02\/20230827_152333-472x1024.jpg","contentUrl":"https:\/\/neue-wege-konzepte.de\/wp-content\/uploads\/2024\/02\/20230827_152333-472x1024.jpg"},{"@type":"BreadcrumbList","@id":"https:\/\/neue-wege-konzepte.de\/ueber-mich\/#breadcrumb","itemListElement":[{"@type":"ListItem","position":1,"name":"Startseite","item":"https:\/\/neue-wege-konzepte.de\/"},{"@type":"ListItem","position":2,"name":"\u00dcber mich"}]},{"@type":"WebSite","@id":"https:\/\/neue-wege-konzepte.de\/#website","url":"https:\/\/neue-wege-konzepte.de\/","name":"Neue-Wege-Konzepte","description":"Wandererlebnisse &amp; City-Touren - S\u00fcdpfalz, Karlsruhe, Elsass","publisher":{"@id":"https:\/\/neue-wege-konzepte.de\/#organization"},"potentialAction":[{"@type":"SearchAction","target":{"@type":"EntryPoint","urlTemplate":"https:\/\/neue-wege-konzepte.de\/?s={search_term_string}"},"query-input":{"@type":"PropertyValueSpecification","valueRequired":true,"valueName":"search_term_string"}}],"inLanguage":"fr-FR"},{"@type":"Organization","@id":"https:\/\/neue-wege-konzepte.de\/#organization","name":"Neue-Wege-Konzepte","url":"https:\/\/neue-wege-konzepte.de\/","logo":{"@type":"ImageObject","inLanguage":"fr-FR","@id":"https:\/\/neue-wege-konzepte.de\/#\/schema\/logo\/image\/","url":"https:\/\/neue-wege-konzepte.de\/wp-content\/uploads\/2024\/05\/cropped-logo-scaled-1.jpg","contentUrl":"https:\/\/neue-wege-konzepte.de\/wp-content\/uploads\/2024\/05\/cropped-logo-scaled-1.jpg","width":2560,"height":730,"caption":"Neue-Wege-Konzepte"},"image":{"@id":"https:\/\/neue-wege-konzepte.de\/#\/schema\/logo\/image\/"}}]}},"_links":{"self":[{"href":"https:\/\/neue-wege-konzepte.de\/fr_fr\/wp-json\/wp\/v2\/pages\/129","targetHints":{"allow":["GET"]}}],"collection":[{"href":"https:\/\/neue-wege-konzepte.de\/fr_fr\/wp-json\/wp\/v2\/pages"}],"about":[{"href":"https:\/\/neue-wege-konzepte.de\/fr_fr\/wp-json\/wp\/v2\/types\/page"}],"author":[{"embeddable":true,"href":"https:\/\/neue-wege-konzepte.de\/fr_fr\/wp-json\/wp\/v2\/users\/1"}],"replies":[{"embeddable":true,"href":"https:\/\/neue-wege-konzepte.de\/fr_fr\/wp-json\/wp\/v2\/comments?post=129"}],"version-history":[{"count":31,"href":"https:\/\/neue-wege-konzepte.de\/fr_fr\/wp-json\/wp\/v2\/pages\/129\/revisions"}],"predecessor-version":[{"id":1117,"href":"https:\/\/neue-wege-konzepte.de\/fr_fr\/wp-json\/wp\/v2\/pages\/129\/revisions\/1117"}],"wp:attachment":[{"href":"https:\/\/neue-wege-konzepte.de\/fr_fr\/wp-json\/wp\/v2\/media?parent=129"}],"curies":[{"name":"wp","href":"https:\/\/api.w.org\/{rel}","templated":true}]}}